{"version":"1.0","provider_name":"Canadian Association of the Deaf - Association des Sourds du Canada","provider_url":"https:\/\/cad-asc.ca\/fr\/","author_name":"canadianassociation","author_url":"https:\/\/cad-asc.ca\/fr\/author\/canadianassociation\/","title":"Les personnes \u00e2g\u00e9es Sourdes - Canadian Association of the Deaf - Association des Sourds du Canada","type":"rich","width":600,"height":338,"html":"<blockquote class=\"wp-embedded-content\" data-secret=\"zwZBGIEnE4\"><a href=\"https:\/\/cad-asc.ca\/fr\/enjeux-et-notre-position\/les-personnes-agees-sourdes\/\">Les personnes \u00e2g\u00e9es Sourdes<\/a><\/blockquote><iframe sandbox=\"allow-scripts\" security=\"restricted\" src=\"https:\/\/cad-asc.ca\/fr\/enjeux-et-notre-position\/les-personnes-agees-sourdes\/embed\/#?secret=zwZBGIEnE4\" width=\"600\" height=\"338\" title=\"\u00ab\u00a0Les personnes \u00e2g\u00e9es Sourdes\u00a0\u00bb &#8212; Canadian Association of the Deaf - Association des Sourds du Canada\" data-secret=\"zwZBGIEnE4\" frameborder=\"0\" marginwidth=\"0\" marginheight=\"0\" scrolling=\"no\" class=\"wp-embedded-content\"><\/iframe><script>\n\/*! This file is auto-generated *\/\n!function(d,l){\"use strict\";l.querySelector&&d.addEventListener&&\"undefined\"!=typeof URL&&(d.wp=d.wp||{},d.wp.receiveEmbedMessage||(d.wp.receiveEmbedMessage=function(e){var t=e.data;if((t||t.secret||t.message||t.value)&&!\/[^a-zA-Z0-9]\/.test(t.secret)){for(var s,r,n,a=l.querySelectorAll('iframe[data-secret=\"'+t.secret+'\"]'),o=l.querySelectorAll('blockquote[data-secret=\"'+t.secret+'\"]'),c=new RegExp(\"^https?:$\",\"i\"),i=0;i<o.length;i++)o[i].style.display=\"none\";for(i=0;i<a.length;i++)s=a[i],e.source===s.contentWindow&&(s.removeAttribute(\"style\"),\"height\"===t.message?(1e3<(r=parseInt(t.value,10))?r=1e3:~~r<200&&(r=200),s.height=r):\"link\"===t.message&&(r=new URL(s.getAttribute(\"src\")),n=new URL(t.value),c.test(n.protocol))&&n.host===r.host&&l.activeElement===s&&(d.top.location.href=t.value))}},d.addEventListener(\"message\",d.wp.receiveEmbedMessage,!1),l.addEventListener(\"DOMContentLoaded\",function(){for(var e,t,s=l.querySelectorAll(\"iframe.wp-embedded-content\"),r=0;r<s.length;r++)(t=(e=s[r]).getAttribute(\"data-secret\"))||(t=Math.random().toString(36).substring(2,12),e.src+=\"#?secret=\"+t,e.setAttribute(\"data-secret\",t)),e.contentWindow.postMessage({message:\"ready\",secret:t},\"*\")},!1)))}(window,document);\n\/\/# sourceURL=https:\/\/cad-asc.ca\/wp-includes\/js\/wp-embed.min.js\n<\/script>\n","description":"Le Probl\u00e8me : Les personnes \u00e2g\u00e9es Sourdes sont un groupe particuli\u00e8rement vuln\u00e9rable dans la soci\u00e9t\u00e9 moderne. Notre position : Un soutien gouvernemental doit \u00eatre fourni pour les r\u00e9sidences et les services \u00e0 l\u2019intention des personnes \u00e2g\u00e9es Sourdes. Le travail effectu\u00e9 dans le pass\u00e9 par les personnes \u00e2g\u00e9es Sourdes et leur capacit\u00e9 de continuer \u00e0 apporter &hellip; Continue reading"}