{"id":10907,"date":"2022-08-05T19:30:14","date_gmt":"2022-08-05T19:30:14","guid":{"rendered":"https:\/\/cad.ca\/?page_id=10907"},"modified":"2023-03-29T21:25:34","modified_gmt":"2023-03-29T21:25:34","slug":"accessibilite-des-technologies-nouvelles-et-emergentes","status":"publish","type":"page","link":"https:\/\/cad-asc.ca\/fr\/projets\/accessibilite-des-technologies-nouvelles-et-emergentes\/","title":{"rendered":"Accessibilit\u00e9 des technologies nouvelles et \u00e9mergentes"},"content":{"rendered":"<p><strong>Ce projet est termin\u00e9 et n&rsquo;est plus actif.<\/strong><\/p>\n<p>Le projet a \u00e9t\u00e9 financ\u00e9 en partie par le Bureau de la consommation du minist\u00e8re de l\u2019Innovation, des Sciences et du D\u00e9veloppement \u00e9conomique Canada. Le but de ce projet \u00e9tait de renforcer l\u2019attention que le march\u00e9 porte aux Canadiens ayant des troubles de la communication et d\u2019abolir les obstacles qui les emp\u00eachent de participer \u00e0 ce march\u00e9.<\/p>\n<p>Les Canadiennes et les Canadiens qui n\u2019ont pas acc\u00e8s aux technologies \u2013 et, particuli\u00e8rement, aux technologies des communications \u2013 sont, en r\u00e8gle g\u00e9n\u00e9rale, d\u00e9favoris\u00e9s dans l\u2019\u00e9conomie mondiale. L\u2019acc\u00e8s aux logiciels, aux sites de r\u00e9seautage professionnel et aux sites Web sert \u00e9galement \u00e0 relier les personnes sur le plan professionnel et \u00e0 faire avancer leurs carri\u00e8res; celles et ceux qui n\u2019ont pas un plein acc\u00e8s \u00e0 ces r\u00e9seaux et programmes se trouvent tr\u00e8s d\u00e9favoris\u00e9s lorsqu\u2019ils doivent \u00e9tablir des liens professionnels.<\/p>\n<p>De nombreuses technologies \u00e9mergentes sont de nature sociale et contribuent \u00e0 \u00e9largir l\u2019exp\u00e9rience sociale des utilisateurs. Des appareils aussi simples que les cellulaires, ou m\u00eame les t\u00e9l\u00e9phones fixes, servent \u00e0 assurer la connexion des utilisateurs \u00e0 leurs r\u00e9seaux sociaux. Les sites de r\u00e9seautage social pourraient, de fait, contribuer \u00e0 \u00e9liminer les obstacles sociaux qui se dressent souvent entre les personnes sourdes et malentendantes et les personnes entendantes.<\/p>\n<ul>\n<li><a href=\"\/wp-content\/uploads\/2020\/11\/OCA-report-summary-FR.docx\">Rapport sur l&rsquo;accessibilit\u00e9 des technologies \u2013 R\u00e9sum\u00e9<\/a><\/li>\n<li><a href=\"\/wp-content\/uploads\/2020\/11\/OCA-plain-language-large-print-FR.docx\">Rapport sur l&rsquo;accessibilit\u00e9 des technologies \u2013 R\u00e9sum\u00e9 en langage clair<\/a><\/li>\n<li><a href=\"\/wp-content\/uploads\/2020\/11\/OCA-graphic-design-PowerPoint-FR.pdf\">Rapport sur l&rsquo;accessibilit\u00e9 des technologies \u2013 R\u00e9sum\u00e9 en format PowerPoint<\/a><\/li>\n<li><a href=\"https:\/\/cad.ca\/wp-content\/uploads\/2023\/03\/Technology-Accessibility-for-Communications-Accessibiliyt-FRE.pdf\"><em>Accessibilit\u00e9 de la technologie pour les Canadiennes et <\/em><em>Canadiens ayant un handicap de communication<\/em> rapport sur l&rsquo;accessibilit\u00e9 des technologies (version int\u00e9grale)<\/a><\/li>\n<\/ul>\n","protected":false},"excerpt":{"rendered":"<p>Ce projet est termin\u00e9 et n&rsquo;est plus actif. Le projet a \u00e9t\u00e9 financ\u00e9 en partie par le Bureau de la consommation du minist\u00e8re de l\u2019Innovation, des Sciences et du D\u00e9veloppement \u00e9conomique Canada. Le but de ce projet \u00e9tait de renforcer l\u2019attention que le march\u00e9 porte aux Canadiens ayant des troubles de la communication et d\u2019abolir &hellip; <a href=\"https:\/\/cad-asc.ca\/fr\/projets\/accessibilite-des-technologies-nouvelles-et-emergentes\/\" class=\"more-link\">Continue reading <span class=\"screen-reader-text\">Accessibilit\u00e9 des technologies nouvelles et \u00e9mergentes<\/span><\/a><\/p>\n","protected":false},"author":5,"featured_media":0,"parent":3555,"menu_order":0,"comment_status":"closed","ping_status":"closed","template":"page-templates\/position-paper-template.php","meta":{"_acf_changed":false,"_monsterinsights_skip_tracking":false,"_monsterinsights_sitenote_active":false,"_monsterinsights_sitenote_note":"","_monsterinsights_sitenote_category":0,"_uf_show_specific_survey":0,"_uf_disable_surveys":false,"footnotes":""},"class_list":["post-10907","page","type-page","status-publish","hentry"],"acf":[],"_links":{"self":[{"href":"https:\/\/cad-asc.ca\/fr\/wp-json\/wp\/v2\/pages\/10907","targetHints":{"allow":["GET"]}}],"collection":[{"href":"https:\/\/cad-asc.ca\/fr\/wp-json\/wp\/v2\/pages"}],"about":[{"href":"https:\/\/cad-asc.ca\/fr\/wp-json\/wp\/v2\/types\/page"}],"author":[{"embeddable":true,"href":"https:\/\/cad-asc.ca\/fr\/wp-json\/wp\/v2\/users\/5"}],"replies":[{"embeddable":true,"href":"https:\/\/cad-asc.ca\/fr\/wp-json\/wp\/v2\/comments?post=10907"}],"version-history":[{"count":0,"href":"https:\/\/cad-asc.ca\/fr\/wp-json\/wp\/v2\/pages\/10907\/revisions"}],"up":[{"embeddable":true,"href":"https:\/\/cad-asc.ca\/fr\/wp-json\/wp\/v2\/pages\/3555"}],"wp:attachment":[{"href":"https:\/\/cad-asc.ca\/fr\/wp-json\/wp\/v2\/media?parent=10907"}],"curies":[{"name":"wp","href":"https:\/\/api.w.org\/{rel}","templated":true}]}}