{"id":12120,"date":"2024-07-17T12:34:43","date_gmt":"2024-07-17T12:34:43","guid":{"rendered":"https:\/\/cad-asc.ca\/?page_id=12120"},"modified":"2025-04-07T18:46:42","modified_gmt":"2025-04-07T18:46:42","slug":"vagues-tranquilles","status":"publish","type":"page","link":"https:\/\/cad-asc.ca\/fr\/vagues-tranquilles\/","title":{"rendered":"Vagues tranquilles"},"content":{"rendered":"\n<p>Le CAD-ASC est heureux de partager le rapport sur les exp\u00e9riences de premi\u00e8re main des personnes sourdes qui utilisent les langues des signes, et l&rsquo;impact significatif des obstacles sociaux, l\u00e9gislatifs et logistiques auxquels elles sont confront\u00e9es pour acc\u00e9der \u00e0 l&rsquo;environnement b\u00e2ti, y compris l&rsquo;environnement virtuel.<\/p>\n\n\n\n<p>L&rsquo;objectif de ce rapport est d&rsquo;identifier les obstacles signal\u00e9s par les personnes concern\u00e9es et de pr\u00e9senter les meilleures pratiques en mati\u00e8re de communication et de partage d&rsquo;informations avec les personnes sourdes, sourdes-aveugles et malentendantes, ainsi que de formuler des recommandations pour minimiser l&rsquo;impact des obstacles identifi\u00e9s.<\/p>\n\n\n\n<ul class=\"wp-block-list\">\n<li><a href=\"https:\/\/cad-asc.ca\/wp-content\/uploads\/2025\/03\/Vagues-Tranquilles-Environnement-Bati-2025-03-31-Rev4-FR.pdf\">Cliquez ici pour lire le rapport <em>Vagues tranquilles<\/em> au complet en <strong>PDF<\/strong><\/a><\/li>\n\n\n\n<li><a href=\"https:\/\/cad-asc.ca\/wp-content\/uploads\/2025\/03\/Vagues-Tranquilles-Environnement-Bati-2025-03-31-Rev4-FR.docx\">Cliquez ici pour lire le rapport <em>Vagues tranquilles<\/em> au complet en <strong>Word (DOCX)<\/strong><\/a><\/li>\n<\/ul>\n\n\n\n<p><strong>R\u00e9sum\u00e9<\/strong><\/p>\n\n\n\n<p>De juillet 2023 \u00e0 janvier 2024, l\u2019Association des Sourds du Canada a recueillie des donn\u00e9es aupr\u00e8s de personnes sourdes, sourdes et aveugles, malentendantes et sourdes handicap\u00e9es (SSAMES+) concernant leurs exp\u00e9riences avec les obstacles \u00e0 la communication dans les environnements b\u00e2tis et virtuels du Canada. La recherche, financ\u00e9e par Normes d&rsquo;accessibilit\u00e9 Canada, comprenait des sondages internationaux et des entrevues approfondies men\u00e9es en langue des signes (ASL et LSQ).<\/p>\n\n\n\n<p><strong>Principales constatations :<\/strong><\/p>\n\n\n\n<ul class=\"wp-block-list\">\n<li>D&rsquo;importants obstacles subsistent pour les personnes SSAMES+ dans l&rsquo;acc\u00e8s aux services essentiels.<\/li>\n\n\n\n<li>De nombreux environnements b\u00e2tis et services publics ne sont pas accessibles aux communications visuelles et num\u00e9riques.<\/li>\n\n\n\n<li>Les technologies de communication telles que les services de relais vid\u00e9o (SRV) ne sont pas largement accept\u00e9es ou comprises par les entreprises.<\/li>\n\n\n\n<li>Dans les milieux m\u00e9dicaux et d&rsquo;urgence, le manque d&rsquo;interpr\u00e8tes gestuels entra\u00eene des probl\u00e8mes de communication et des r\u00e9sultats n\u00e9gatifs pour la sant\u00e9.<\/li>\n\n\n\n<li>Les obstacles \u00e0 l&#8217;emploi persistent en raison du manque de mesures d&rsquo;adaptation en milieu de travail et de disponibilit\u00e9 d&rsquo;interpr\u00e8tes.<\/li>\n\n\n\n<li>Les normes f\u00e9d\u00e9rales d&rsquo;accessibilit\u00e9 varient d&rsquo;une province \u00e0 l&rsquo;autre, ce qui cr\u00e9e des incoh\u00e9rences dans la prestation des services.<\/li>\n\n\n\n<li>L&rsquo;exception du \u00ab pr\u00e9judice injustifi\u00e9 \u00bb dans la l\u00e9gislation sur les droits de la personne permet aux entreprises et aux organisations de refuser des mesures d&rsquo;adaptation si elles invoquent des co\u00fbts excessifs ou des probl\u00e8mes de s\u00e9curit\u00e9, ce qui limite consid\u00e9rablement l&rsquo;acc\u00e8s pour les personnes SSAMES+.<\/li>\n<\/ul>\n\n\n\n<p><strong>R\u00e9sultats du sondage international<\/strong><\/p>\n\n\n\n<p>Pour avoir une perspective plus large, un sondage international a \u00e9t\u00e9 men\u00e9 au Congr\u00e8s de la F\u00e9d\u00e9ration mondiale des sourds de 2023 \u00e0 Jeju, en Cor\u00e9e du Sud, recueillant les r\u00e9ponses de 423 participants du monde entier. Le sondage visait \u00e0 \u00e9valuer la sensibilisation et les perceptions mondiales des droits \u00e0 l&rsquo;accessibilit\u00e9 en vertu de la Convention des Nations Unies relative aux droits des personnes handicap\u00e9es (CDPH).<\/p>\n\n\n\n<p>Bien que le Canada se classe au deuxi\u00e8me rang parmi les pays, de nombreux r\u00e9pondants citoyens canadiens ont exprim\u00e9 leur insatisfaction \u00e0 l&rsquo;\u00e9gard de la mise en \u0153uvre de l&rsquo;accessibilit\u00e9. Seulement 4 des 28 participants canadiens au sondage ont choisi le Canada comme le meilleur pays pour l&rsquo;accessibilit\u00e9 des personnes sourdes. Cela sugg\u00e8re un d\u00e9calage entre les engagements juridiques du Canada et les exp\u00e9riences v\u00e9cues r\u00e9ellement.<\/p>\n\n\n\n<p><strong>Statut l\u00e9gislatif de l&rsquo;accessibilit\u00e9 au Canada<\/strong><\/p>\n\n\n\n<p>Les lois canadiennes sur l&rsquo;accessibilit\u00e9 sont fragment\u00e9es, avec des lois f\u00e9d\u00e9rales et provinciales en place. La <strong>Loi canadienne sur l&rsquo;accessibilit\u00e9 (LCA)<\/strong> a \u00e9t\u00e9 adopt\u00e9e en 2019 dans le but de faire du Canada un pays exempt d&rsquo;obstacles d&rsquo;ici 2040. Cependant, <strong>cinq ans apr\u00e8s son adoption, la Loi n&rsquo;a toujours pas de r\u00e8glements cl\u00e9s<\/strong>, ce qui signifie que les normes d&rsquo;accessibilit\u00e9 et les mesures d&rsquo;application de la loi n&rsquo;ont pas encore \u00e9t\u00e9 enti\u00e8rement mises en \u0153uvre.<\/p>\n\n\n\n<p>\u00c0 l&rsquo;\u00e9chelle provinciale, seules sept provinces ont leur propre loi sur l&rsquo;accessibilit\u00e9. L&rsquo;Ontario a \u00e9t\u00e9 la premi\u00e8re province \u00e0 adopter la Loi sur l <strong>&lsquo;accessibilit\u00e9 pour les personnes handicap\u00e9es de l&rsquo;Ontario (LAPHO)<\/strong> en 2005, visant la pleine accessibilit\u00e9 d&rsquo;ici 2025. D&rsquo;autres provinces, comme la Colombie-Britannique et la Nouvelle-\u00c9cosse, ont adopt\u00e9 des lois sur l&rsquo;accessibilit\u00e9, mais il n&rsquo;existe pas de norme nationale uniforme.<\/p>\n\n\n\n<p><strong>Recommandations :<\/strong><\/p>\n\n\n\n<ol start=\"1\" class=\"wp-block-list\">\n<li><strong>Environnements b\u00e2tis :<\/strong> Mettre en \u0153uvre des alertes visuelles normalis\u00e9es, des options de communication num\u00e9rique et une accessibilit\u00e9 physique am\u00e9lior\u00e9e.<\/li>\n\n\n\n<li><strong>Milieux m\u00e9dicaux :<\/strong> S&rsquo;assurer que des interpr\u00e8tes gestuels sont disponibles dans les h\u00f4pitaux et les services de sant\u00e9 mentale.<\/li>\n\n\n\n<li><strong>Emploi :<\/strong> Renforcer la l\u00e9gislation sur l&rsquo;accessibilit\u00e9 afin de limiter l&rsquo;utilisation de la \u00ab contrainte excessive \u00bb comme exemption et d&rsquo;appliquer les mesures d&rsquo;adaptation en milieu de travail pour les employ\u00e9s SSAMES+.<\/li>\n\n\n\n<li><strong>Services d&rsquo;urgence :<\/strong> Mettre en \u0153uvre des syst\u00e8mes d&rsquo;alerte accessibles et exiger des premiers intervenants qu&rsquo;ils utilisent le SRV 911.<\/li>\n\n\n\n<li><strong>Web et technologie :<\/strong> Normaliser l&rsquo;accessibilit\u00e9 des sites Web et offrir une traduction en langue des signes par vid\u00e9o.<\/li>\n\n\n\n<li><strong>Transport :<\/strong> Am\u00e9liorer l&rsquo;accessibilit\u00e9 des a\u00e9roports et des transports en commun gr\u00e2ce \u00e0 des annonces visuelles et \u00e0 des services d&rsquo;interpr\u00e9tation.<\/li>\n<\/ol>\n\n\n\n<p><strong>En conclusion<\/strong><\/p>\n\n\n\n<p>L&rsquo;objectif d&rsquo;un Canada exempt d&rsquo;obstacles d&rsquo;ici 2040 exige une <strong>action coordonn\u00e9e et une application plus rigoureuse des lois sur l&rsquo;accessibilit\u00e9<\/strong>. L&rsquo;<strong>exemption pour contrainte excessive<\/strong> continue d&rsquo;\u00eatre un obstacle majeur et, \u00e0 moins que des r\u00e8glements plus stricts ne soient mis en \u0153uvre, les entreprises et les institutions continueront d&rsquo;\u00e9viter de prendre les mesures d&rsquo;adaptation n\u00e9cessaires. Les pratiques exemplaires internationales, comme celles des \u00c9tats-Unis et des pays nordiques, devraient \u00eatre \u00e9tudi\u00e9es et adopt\u00e9es pour am\u00e9liorer le paysage de l&rsquo;accessibilit\u00e9 au Canada.<\/p>\n\n\n\n<p>Ce rapport recommande des consultations continues avec les communaut\u00e9s DDBHHD+ afin d&rsquo;\u00e9laborer des politiques qui garantissent la pleine accessibilit\u00e9 et l&rsquo;inclusion. Le Canada a fait des progr\u00e8s, mais des lacunes importantes subsistent, et une <strong>approche proactive et juridiquement contraignante<\/strong> est n\u00e9cessaire pour assurer une v\u00e9ritable \u00e9galit\u00e9 pour les personnes sourdes et malentendantes.<\/p>\n","protected":false},"excerpt":{"rendered":"<p>Le CAD-ASC est heureux de partager le rapport sur les exp\u00e9riences de premi\u00e8re main des personnes sourdes qui utilisent les langues des signes, et l&rsquo;impact significatif des obstacles sociaux, l\u00e9gislatifs et logistiques auxquels elles sont confront\u00e9es pour acc\u00e9der \u00e0 l&rsquo;environnement b\u00e2ti, y compris l&rsquo;environnement virtuel. L&rsquo;objectif de ce rapport est d&rsquo;identifier les obstacles signal\u00e9s par &hellip; <a href=\"https:\/\/cad-asc.ca\/fr\/vagues-tranquilles\/\" class=\"more-link\">Continue reading <span class=\"screen-reader-text\">Vagues tranquilles<\/span><\/a><\/p>\n","protected":false},"author":11,"featured_media":0,"parent":0,"menu_order":0,"comment_status":"closed","ping_status":"closed","template":"","meta":{"_acf_changed":false,"_monsterinsights_skip_tracking":false,"_monsterinsights_sitenote_active":false,"_monsterinsights_sitenote_note":"","_monsterinsights_sitenote_category":0,"_uf_show_specific_survey":0,"_uf_disable_surveys":false,"footnotes":""},"class_list":["post-12120","page","type-page","status-publish","hentry"],"acf":[],"_links":{"self":[{"href":"https:\/\/cad-asc.ca\/fr\/wp-json\/wp\/v2\/pages\/12120","targetHints":{"allow":["GET"]}}],"collection":[{"href":"https:\/\/cad-asc.ca\/fr\/wp-json\/wp\/v2\/pages"}],"about":[{"href":"https:\/\/cad-asc.ca\/fr\/wp-json\/wp\/v2\/types\/page"}],"author":[{"embeddable":true,"href":"https:\/\/cad-asc.ca\/fr\/wp-json\/wp\/v2\/users\/11"}],"replies":[{"embeddable":true,"href":"https:\/\/cad-asc.ca\/fr\/wp-json\/wp\/v2\/comments?post=12120"}],"version-history":[{"count":0,"href":"https:\/\/cad-asc.ca\/fr\/wp-json\/wp\/v2\/pages\/12120\/revisions"}],"wp:attachment":[{"href":"https:\/\/cad-asc.ca\/fr\/wp-json\/wp\/v2\/media?parent=12120"}],"curies":[{"name":"wp","href":"https:\/\/api.w.org\/{rel}","templated":true}]}}