{"id":13941,"date":"2025-11-14T22:04:53","date_gmt":"2025-11-14T22:04:53","guid":{"rendered":"https:\/\/cad-asc.ca\/?page_id=13941"},"modified":"2025-11-18T18:22:40","modified_gmt":"2025-11-18T18:22:40","slug":"rapport-enquete-ecoles-droit-2025","status":"publish","type":"page","link":"https:\/\/cad-asc.ca\/fr\/rapport-enquete-ecoles-droit-2025\/","title":{"rendered":"Rapport de l enqu\u00eate sur les \u00e9coles de droit 2025"},"content":{"rendered":"\n<p>L\u2019Association des Sourds du Canada \u2013 The Canadian Association of the Deaf (ASC-CAD) a lanc\u00e9 une enqu\u00eate afin de recueillir des informations d\u00e9taill\u00e9es sur la mani\u00e8re dont les facult\u00e9s de droit au Canada accueillent les \u00e9tudiants Sourds, en particulier ceux qui utilisent la langue des signes ou d&rsquo;autres m\u00e9thodes de communication alternatives.<\/p>\n\n\n\n<p><a href=\"https:\/\/cad-asc.ca\/wp-content\/uploads\/2025\/11\/Rapport-de-l-enquete-sur-les-ecoles-de-droit-2025-\u2013-22-avril-Final.docx\">Association des Sourds du Canada (ASC) &#8211; Rapport de l enqu\u00eate sur les \u00e9coles de droit 2025 \u2013 22 avril final (DOCX)<\/a><\/p>\n\n\n\n<h2 class=\"wp-block-heading\">Quatre facult\u00e9s de droit ont fourni des r\u00e9ponses :<\/h2>\n\n\n\n<ul class=\"wp-block-list\">\n<li>Windsor Law<\/li>\n\n\n\n<li>Facult\u00e9 de droit Bora Laskin<\/li>\n\n\n\n<li>Facult\u00e9 de droit de l\u2019Universit\u00e9 Western<\/li>\n\n\n\n<li>Facult\u00e9 de droit de l\u2019Universit\u00e9 du Manitoba<\/li>\n<\/ul>\n\n\n\n<p>Ces r\u00e9ponses refl\u00e8tent les politiques, les accommodements et les perspectives concernant les \u00e9tudiants Sourds et malentendants poursuivant des \u00e9tudes en droit.<\/p>\n","protected":false},"excerpt":{"rendered":"<p>L\u2019Association des Sourds du Canada \u2013 The Canadian Association of the Deaf (ASC-CAD) a lanc\u00e9 une enqu\u00eate afin de recueillir des informations d\u00e9taill\u00e9es sur la mani\u00e8re dont les facult\u00e9s de droit au Canada accueillent les \u00e9tudiants Sourds, en particulier ceux qui utilisent la langue des signes ou d&rsquo;autres m\u00e9thodes de communication alternatives. Association des Sourds &hellip; <a href=\"https:\/\/cad-asc.ca\/fr\/rapport-enquete-ecoles-droit-2025\/\" class=\"more-link\">Continue reading <span class=\"screen-reader-text\">Rapport de l enqu\u00eate sur les \u00e9coles de droit 2025<\/span><\/a><\/p>\n","protected":false},"author":11,"featured_media":4986,"parent":0,"menu_order":0,"comment_status":"closed","ping_status":"closed","template":"","meta":{"_acf_changed":false,"_monsterinsights_skip_tracking":false,"_monsterinsights_sitenote_active":false,"_monsterinsights_sitenote_note":"","_monsterinsights_sitenote_category":0,"_uf_show_specific_survey":0,"_uf_disable_surveys":false,"footnotes":""},"class_list":["post-13941","page","type-page","status-publish","has-post-thumbnail","hentry"],"acf":[],"_links":{"self":[{"href":"https:\/\/cad-asc.ca\/fr\/wp-json\/wp\/v2\/pages\/13941","targetHints":{"allow":["GET"]}}],"collection":[{"href":"https:\/\/cad-asc.ca\/fr\/wp-json\/wp\/v2\/pages"}],"about":[{"href":"https:\/\/cad-asc.ca\/fr\/wp-json\/wp\/v2\/types\/page"}],"author":[{"embeddable":true,"href":"https:\/\/cad-asc.ca\/fr\/wp-json\/wp\/v2\/users\/11"}],"replies":[{"embeddable":true,"href":"https:\/\/cad-asc.ca\/fr\/wp-json\/wp\/v2\/comments?post=13941"}],"version-history":[{"count":0,"href":"https:\/\/cad-asc.ca\/fr\/wp-json\/wp\/v2\/pages\/13941\/revisions"}],"wp:featuredmedia":[{"embeddable":true,"href":"https:\/\/cad-asc.ca\/fr\/wp-json\/wp\/v2\/media\/4986"}],"wp:attachment":[{"href":"https:\/\/cad-asc.ca\/fr\/wp-json\/wp\/v2\/media?parent=13941"}],"curies":[{"name":"wp","href":"https:\/\/api.w.org\/{rel}","templated":true}]}}