{"id":4852,"date":"2015-08-27T14:43:06","date_gmt":"2015-08-27T14:43:06","guid":{"rendered":"http:\/\/cad.ca\/?page_id=4852&#038;lang=fr"},"modified":"2026-02-19T18:39:54","modified_gmt":"2026-02-19T18:39:54","slug":"personnel","status":"publish","type":"page","link":"https:\/\/cad-asc.ca\/fr\/sur-lasc-cad\/personnel\/","title":{"rendered":"Personnel"},"content":{"rendered":"<div><a href=\"https:\/\/cad.ca\/wp-content\/uploads\/2023\/01\/Resized_20220401_154105_21262098931939.jpeg\"><img loading=\"lazy\" decoding=\"async\" class=\"alignleft wp-image-10935 size-thumbnail\" src=\"https:\/\/cad-asc.ca\/wp-content\/uploads\/2023\/01\/Resized_20220401_154105_21262098931939-150x150.jpeg\" alt=\"Photo de Richard Belzile\" width=\"150\" height=\"150\" srcset=\"https:\/\/cad-asc.ca\/wp-content\/uploads\/2023\/01\/Resized_20220401_154105_21262098931939-150x150.jpeg 150w, https:\/\/cad-asc.ca\/wp-content\/uploads\/2023\/01\/Resized_20220401_154105_21262098931939-100x100.jpeg 100w\" sizes=\"auto, (max-width: 150px) 100vw, 150px\" \/><\/a><\/p>\n<h3 class=\"staff-name\">Richard Belzile<br \/>\nDirecteur g\u00e9n\u00e9ral sortant<\/h3>\n<p>Richard est dipl\u00f4m\u00e9 de la facult\u00e9 de droit de l\u2019Universit\u00e9 Queen\u2019s. Il a travaill\u00e9 comme avocat, conseiller principal et repr\u00e9sentant \u00e9lu. Son poste le plus r\u00e9cent \u00e9tait celui de conseiller principal au bureau de l\u2019accessibilit\u00e9 du gouvernement de l\u2019Ontario, y compris l\u2019examen des sites Web pour s\u2019assurer qu\u2019ils r\u00e9pondaient aux crit\u00e8res de la Loi sur l\u2019accessibilit\u00e9 pour les personnes handicap\u00e9es de l\u2019Ontario (LAPHO).<\/p>\n<p>Richard a \u00e9t\u00e9 \u00e9lu conseiller scolaire en fran\u00e7ais langue seconde au conseil scolaire de Limestone \u00e0 Kingston et au Conseil des \u00c9coles Publiques de l\u2019est de l\u2019Ontario (CEPEO) proche de dix ann\u00e9es.<\/p>\n<p>Richard a h\u00e2te de travailler avec le conseil d\u2019administration de l\u2019ASC-CAD pour \u00e9liminer les obstacles et jeter des ponts vers des opportunit\u00e9s et du succ\u00e8s pour les communaut\u00e9s Sourdes, Assoudis, Sourdes Aveugles, malentendantes, Sourdes et handicap\u00e9es (SASAMESH).<\/p>\n<\/div>\n<hr \/>\n<div><a href=\"https:\/\/cad-asc.ca\/wp-content\/uploads\/2026\/02\/WyattScott.jpg\"><img loading=\"lazy\" decoding=\"async\" class=\"alignleft wp-image-10935 size-thumbnail\" src=\"https:\/\/cad-asc.ca\/wp-content\/uploads\/2026\/02\/WyattScott.jpg\" alt=\"Photo de Wyatt Scott\" width=\"150\" height=\"150\" \/><\/a><\/p>\n<h3 class=\"staff-name\">Wyatt Scott<br \/>\nDirecteur g\u00e9n\u00e9ral<\/h3>\n<p>N\u00e9 profond\u00e9ment sourd et \u00e9lev\u00e9 \u00e0 Kingston, il a fr\u00e9quent\u00e9 l\u2019\u00c9cole Sir James Whitney pour les sourds, dont il est dipl\u00f4m\u00e9 en 2012. Il a obtenu un baccalaur\u00e9at en histoire et \u00e9tudes internationales de l\u2019Universit\u00e9 Gallaudet (2016) et une ma\u00eetrise en politiques publiques et administration de l\u2019Universit\u00e9 Carleton (2019). Pendant son s\u00e9jour \u00e0 Ottawa, il a eu plusieurs occasions de travailler au sein du gouvernement f\u00e9d\u00e9ral et d\u2019acqu\u00e9rir de l\u2019exp\u00e9rience dans la fonction publique.<\/p>\n<p>Durant sa jeunesse, il a \u00e9t\u00e9 un d\u00e9fenseur actif des jeunes sourds et a si\u00e9g\u00e9 au Conseil des jeunes sourds du Canada (JSC-DYC) afin de promouvoir leurs droits. Il a \u00e9galement travaill\u00e9 avec l\u2019\u00e9quipe ex\u00e9cutive de l\u2019ASC-CAD en tant que directeur de projet pour \u00e9laborer un rapport sur les normes nationales d\u2019accessibilit\u00e9 au Canada.<\/p>\n<p>Il est un chercheur passionn\u00e9 par l\u2019histoire des civilisations anciennes et m\u00e9di\u00e9vales, aime voyager \u00e0 travers le monde, se connecter avec les communaut\u00e9s sourdes internationales et appr\u00e9cie la randonn\u00e9e.<\/p>\n<\/div>\n<hr \/>\n<div><a href=\"https:\/\/cad-asc.ca\/wp-content\/uploads\/2026\/01\/NeigePicture.png\"><img loading=\"lazy\" decoding=\"async\" class=\"wp-image-12490 size-thumbnail alignleft\" src=\"https:\/\/cad-asc.ca\/wp-content\/uploads\/2026\/01\/NeigePicture.png\" alt=\"A picture of Neige Rudi\" width=\"150\" height=\"150\" \/><\/a><\/p>\n<h3 class=\"staff-name\">Neige Rudi<br \/>\nAdjointe ex\u00e9cutive<\/h3>\n<p>Originaire d&rsquo;une charmante ville baln\u00e9aire du sud du Nouveau-Brunswick, au Canada, Neige est une professionnelle polyvalente qui combine une formation dans le domaine des STIM avec une passion pour l&rsquo;engagement communautaire. Dipl\u00f4m\u00e9 du l&rsquo;Institut de technologie de Rochester (RIT) avec un dipl\u00f4me en technologie des sciences de laboratoire, Neige a contribu\u00e9 \u00e0 de nombreux projets de recherche et techniques dans diverses organisations, telles que le minist\u00e8re des P\u00eaches et des Oc\u00e9ans (MPO) et Dow Chemical Canada. Adoptant une approche interdisciplinaire, Neige aime int\u00e9grer des id\u00e9es de divers domaines afin d&rsquo;apporter de nouvelles perspectives \u00e0 son travail.<\/p>\n<p>Aujourd&rsquo;hui, Neige est sous contrat avec l\u2019ASC-CAD pour travailler comme adjointe ex\u00e9cutive, ce qui comprend la gestion des op\u00e9rations de bureau, l&rsquo;aide \u00e0 diverses t\u00e2ches administratives et la coordination de la participation de l\u2019ASC-CAD \u00e0 des \u00e9v\u00e9nements communautaires. Incarnant nos valeurs fondamentales de communication, de respect, d&rsquo;accessibilit\u00e9 et de diversit\u00e9, Neige contribue \u00e0 la mise en valeur d&rsquo;un environnement accueillant et efficace pour nos membres et la communaut\u00e9.<\/p>\n<\/div>\n<hr \/>\n<div><a href=\"https:\/\/cad.ca\/wp-content\/uploads\/2023\/03\/JosephBioPicture.jpg\"><img loading=\"lazy\" decoding=\"async\" class=\"alignleft wp-image-10978 size-thumbnail\" src=\"https:\/\/cad-asc.ca\/wp-content\/uploads\/2023\/03\/JosephBioPicture-150x150.jpg\" alt=\"Photo de Joseph Antle\" width=\"150\" height=\"150\" srcset=\"https:\/\/cad-asc.ca\/wp-content\/uploads\/2023\/03\/JosephBioPicture-150x150.jpg 150w, https:\/\/cad-asc.ca\/wp-content\/uploads\/2023\/03\/JosephBioPicture-300x300.jpg 300w, https:\/\/cad-asc.ca\/wp-content\/uploads\/2023\/03\/JosephBioPicture-1024x1024.jpg 1024w, https:\/\/cad-asc.ca\/wp-content\/uploads\/2023\/03\/JosephBioPicture-768x768.jpg 768w, https:\/\/cad-asc.ca\/wp-content\/uploads\/2023\/03\/JosephBioPicture-200x200.jpg 200w, https:\/\/cad-asc.ca\/wp-content\/uploads\/2023\/03\/JosephBioPicture-547x547.jpg 547w, https:\/\/cad-asc.ca\/wp-content\/uploads\/2023\/03\/JosephBioPicture-678x678.jpg 678w, https:\/\/cad-asc.ca\/wp-content\/uploads\/2023\/03\/JosephBioPicture-524x524.jpg 524w, https:\/\/cad-asc.ca\/wp-content\/uploads\/2023\/03\/JosephBioPicture-420x420.jpg 420w, https:\/\/cad-asc.ca\/wp-content\/uploads\/2023\/03\/JosephBioPicture-444x444.jpg 444w, https:\/\/cad-asc.ca\/wp-content\/uploads\/2023\/03\/JosephBioPicture-916x916.jpg 916w, https:\/\/cad-asc.ca\/wp-content\/uploads\/2023\/03\/JosephBioPicture-600x600.jpg 600w, https:\/\/cad-asc.ca\/wp-content\/uploads\/2023\/03\/JosephBioPicture-100x100.jpg 100w, https:\/\/cad-asc.ca\/wp-content\/uploads\/2023\/03\/JosephBioPicture.jpg 1199w\" sizes=\"auto, (max-width: 150px) 100vw, 150px\" \/><\/a><\/p>\n<h3 class=\"staff-name\">Joseph Antle<br \/>\nAdjointe administrative<\/h3>\n<p>Joseph Antle est dipl\u00f4m\u00e9 de l&rsquo;Institut de technologie de Rochester (RIT), o\u00f9 il a obtenu un dipl\u00f4me en technologie de l&rsquo;information avec une immersion en langue des signes am\u00e9ricaine et en \u00e9tudes culturelles sourdes. Il poss\u00e8de une grande exp\u00e9rience dans le domaine des technologies de l&rsquo;information, o\u00f9 il a r\u00e9pondu aux questions et aux pr\u00e9occupations des clients sourds et entendants concernant divers services d&rsquo;accessibilit\u00e9 au Canada, comme le SRV Canada et d&rsquo;autres plateformes. Il a maintenu des connaissances \u00e0 jour sur les produits et services d&rsquo;accessibilit\u00e9 et a fourni des informations pr\u00e9cieuses aux personnes sourdes et \u00e0 leurs besoins.<\/p>\n<p>Joseph est engag\u00e9 par CAD-ASC en tant qu&rsquo;assistant administratif pour aider aux op\u00e9rations quotidiennes d&rsquo;un bureau en effectuant des t\u00e2ches telles que l&rsquo;entretien de l&rsquo;\u00e9quipement technologique, la mise \u00e0 jour du site Web, la pr\u00e9paration de documents pour les r\u00e9unions de Zoom, le classement des documents essentiels, la r\u00e9ponse aux appels SRV et l&rsquo;accueil des visiteurs aux r\u00e9ceptions. Il g\u00e8re \u00e9galement les dossiers des donateurs et fournit des re\u00e7us fiscaux officiels \u00e0 nos donateurs.<\/p>\n<\/div>\n<hr \/>\n<div>\n<h3 class=\"staff-name\"><a href=\"https:\/\/cad.ca\/wp-content\/uploads\/2023\/02\/Scott-Prof-Photo-1.jpg\"><img loading=\"lazy\" decoding=\"async\" class=\"alignleft wp-image-10950 size-thumbnail\" src=\"https:\/\/cad-asc.ca\/wp-content\/uploads\/2023\/02\/Scott-Prof-Photo-1-150x150.jpg\" alt=\"Photo de Scott Simser\" width=\"150\" height=\"150\" srcset=\"https:\/\/cad-asc.ca\/wp-content\/uploads\/2023\/02\/Scott-Prof-Photo-1-150x150.jpg 150w, https:\/\/cad-asc.ca\/wp-content\/uploads\/2023\/02\/Scott-Prof-Photo-1-100x100.jpg 100w\" sizes=\"auto, (max-width: 150px) 100vw, 150px\" \/><\/a>Scott Simser, LL.B<br \/>\nConseiller sp\u00e9cial du directeur ex\u00e9cutif<\/h3>\n<p>Scott Simser apporte \u00e0 l&rsquo;ACD-ASC de nombreuses ann\u00e9es d&rsquo;exp\u00e9rience en mati\u00e8re de ligature et de plaidoirie. Apr\u00e8s avoir obtenu son J.D. du Barreau de l&rsquo;Ontario, il a plaid\u00e9 \u00e0 plusieurs niveaux de tribunaux, tels que la Cour d&rsquo;appel f\u00e9d\u00e9rale, la Cour d&rsquo;appel de l&rsquo;Ontario et la Cour canadienne de l&rsquo;imp\u00f4t. Scott est \u00e9galement titulaire d&rsquo;une ma\u00eetrise en administration des affaires et a dirig\u00e9 son propre cabinet d&rsquo;avocats pendant plusieurs ann\u00e9es.<\/p>\n<p>Pendant plus de sept ans, il a dirig\u00e9 un cabinet d&rsquo;avocats au service de la communaut\u00e9 sourde et malentendante, remportant d&rsquo;autres victoires juridiques telles que l&rsquo;\u00e9tablissement d&rsquo;un droit plus large des organisations sourdes \u00e0 des interpr\u00e8tes en langue des signes lorsqu&rsquo;elles consultent le gouvernement du Canada ou rencontrent des repr\u00e9sentants f\u00e9d\u00e9raux \u00e9lus, ainsi qu&rsquo;un r\u00e8glement sur le sous-titrage des films qui a permis d&rsquo;\u00e9largir l&rsquo;acc\u00e8s \u00e0 l&rsquo;accessibilit\u00e9 dans les th\u00e9\u00e2tres et les cin\u00e9mas \u00e0 travers le Canada.<\/p>\n<\/div>\n<hr \/>\n<div>\n<h3 class=\"staff-name\"><a href=\"https:\/\/cad-asc.ca\/wp-content\/uploads\/2024\/04\/Charles-1.png\"><img loading=\"lazy\" decoding=\"async\" class=\"alignnone size-thumbnail wp-image-11627 alignleft\" src=\"https:\/\/cad-asc.ca\/wp-content\/uploads\/2024\/04\/Charles-1-150x150.png\" alt=\"Photo de Charles\" width=\"150\" height=\"150\" srcset=\"https:\/\/cad-asc.ca\/wp-content\/uploads\/2024\/04\/Charles-1-150x150.png 150w, https:\/\/cad-asc.ca\/wp-content\/uploads\/2024\/04\/Charles-1-300x300.png 300w, https:\/\/cad-asc.ca\/wp-content\/uploads\/2024\/04\/Charles-1-200x200.png 200w, https:\/\/cad-asc.ca\/wp-content\/uploads\/2024\/04\/Charles-1-547x547.png 547w, https:\/\/cad-asc.ca\/wp-content\/uploads\/2024\/04\/Charles-1-678x678.png 678w, https:\/\/cad-asc.ca\/wp-content\/uploads\/2024\/04\/Charles-1-524x524.png 524w, https:\/\/cad-asc.ca\/wp-content\/uploads\/2024\/04\/Charles-1-420x420.png 420w, https:\/\/cad-asc.ca\/wp-content\/uploads\/2024\/04\/Charles-1-444x444.png 444w, https:\/\/cad-asc.ca\/wp-content\/uploads\/2024\/04\/Charles-1-600x600.png 600w, https:\/\/cad-asc.ca\/wp-content\/uploads\/2024\/04\/Charles-1-100x100.png 100w, https:\/\/cad-asc.ca\/wp-content\/uploads\/2024\/04\/Charles-1.png 750w\" sizes=\"auto, (max-width: 150px) 100vw, 150px\" \/><\/a>Charles Gros<br \/>\nCoordinateur bilingue du contenu num\u00e9rique<\/h3>\n<p style=\"text-align: left;\">Charles-Maximilien a obtenu deux dipl\u00f4mes : d&rsquo;abord son dipl\u00f4me universitaire de technologie en \u00e9lectronique et informatique industrielle, puis sa ma\u00eetrise en ing\u00e9nierie g\u00e9n\u00e9raliste \u00e0 l&rsquo;\u00e9cole d&rsquo;ing\u00e9nieurs CESI \u00e0 Paris, en France. De plus, il a effectu\u00e9 un stage de 6 mois \u00e0 New York pour ma\u00eetriser l&rsquo;ASL et l&rsquo;anglais et d\u00e9couvrir la communaut\u00e9 sourde aux \u00c9tats-Unis. Charles a acquis de l&rsquo;exp\u00e9rience en programmation et en administration lors de la cr\u00e9ation d&rsquo;applications web, gr\u00e2ce \u00e0 une formation intensive et \u00e0 plusieurs stages.<\/p>\n<\/div>\n","protected":false},"excerpt":{"rendered":"<p>Richard Belzile Directeur g\u00e9n\u00e9ral sortant Richard est dipl\u00f4m\u00e9 de la facult\u00e9 de droit de l\u2019Universit\u00e9 Queen\u2019s. Il a travaill\u00e9 comme avocat, conseiller principal et repr\u00e9sentant \u00e9lu. Son poste le plus r\u00e9cent \u00e9tait celui de conseiller principal au bureau de l\u2019accessibilit\u00e9 du gouvernement de l\u2019Ontario, y compris l\u2019examen des sites Web pour s\u2019assurer qu\u2019ils r\u00e9pondaient aux &hellip; <a href=\"https:\/\/cad-asc.ca\/fr\/sur-lasc-cad\/personnel\/\" class=\"more-link\">Continue reading <span class=\"screen-reader-text\">Personnel<\/span><\/a><\/p>\n","protected":false},"author":1,"featured_media":0,"parent":4823,"menu_order":0,"comment_status":"closed","ping_status":"closed","template":"","meta":{"_acf_changed":false,"_monsterinsights_skip_tracking":false,"_monsterinsights_sitenote_active":false,"_monsterinsights_sitenote_note":"","_monsterinsights_sitenote_category":0,"_uf_show_specific_survey":0,"_uf_disable_surveys":false,"footnotes":""},"class_list":["post-4852","page","type-page","status-publish","hentry"],"acf":[],"_links":{"self":[{"href":"https:\/\/cad-asc.ca\/fr\/wp-json\/wp\/v2\/pages\/4852","targetHints":{"allow":["GET"]}}],"collection":[{"href":"https:\/\/cad-asc.ca\/fr\/wp-json\/wp\/v2\/pages"}],"about":[{"href":"https:\/\/cad-asc.ca\/fr\/wp-json\/wp\/v2\/types\/page"}],"author":[{"embeddable":true,"href":"https:\/\/cad-asc.ca\/fr\/wp-json\/wp\/v2\/users\/1"}],"replies":[{"embeddable":true,"href":"https:\/\/cad-asc.ca\/fr\/wp-json\/wp\/v2\/comments?post=4852"}],"version-history":[{"count":0,"href":"https:\/\/cad-asc.ca\/fr\/wp-json\/wp\/v2\/pages\/4852\/revisions"}],"up":[{"embeddable":true,"href":"https:\/\/cad-asc.ca\/fr\/wp-json\/wp\/v2\/pages\/4823"}],"wp:attachment":[{"href":"https:\/\/cad-asc.ca\/fr\/wp-json\/wp\/v2\/media?parent=4852"}],"curies":[{"name":"wp","href":"https:\/\/api.w.org\/{rel}","templated":true}]}}